{"id":2689,"date":"2026-02-26T10:49:33","date_gmt":"2026-02-26T09:49:33","guid":{"rendered":"https:\/\/gibellina2026.it\/?post_type=eventi&#038;p=2689"},"modified":"2026-03-30T12:52:18","modified_gmt":"2026-03-30T10:52:18","slug":"philippe-berson-mummie","status":"publish","type":"eventi","link":"https:\/\/gibellina2026.it\/en\/eventi\/mostre\/philippe-berson-mummie\/","title":{"rendered":"Philippe Berson. Mummie."},"content":{"rendered":"<p><strong>Edited by Gaetano Costa<br \/>\n<\/strong><strong>In collaboration with Riso \u2013 Regional Museum of Modern and Contemporary Art of Palermo<br \/>\n<\/strong><br \/>\n<span style=\"color: #f7ca46;\"><strong>Bel\u00ecce\/EpiCentro della Memoria Viva<\/strong><\/span><br \/>\n<span style=\"color: #f7ca46;\"><strong>April, 2026<\/strong><\/span><\/p>\n<p><strong>On Sunday, April 5th, for Easter, the Belice Epicentro will be closed.<\/strong><\/p>\n<p>At the end of the 1990s, the French artist chose Sicily as his new home, becoming a point of reference for the underground creative scene and a generation of Sicilian artists. The exhibition, organised in collaboration with the Riso Museum in Palermo, presents an important installation that will remain permanently in Gibellina.<\/p>\n<p>&nbsp;<\/p>\n<p class=\"translation-block\">Philippe Berson was born on May 17, 1963, and died on May 17, 2025. He was an artist, sculptor, and performer who lived between Paris and Palermo, where he settled 25 years ago.\n\nCombining mineral (metal) and organic (animal bones) materials, the artist seeks, through his primary constructions, an almost shamanic approach to sculpture. This approach is also embodied in his paintings, where the sacred competes for space with the profane. He has exhibited in numerous art events worldwide: the Venice Biennale, New York,\n\u2013 the performance \"The Kraken\" at The Stone, \"Persona\" at the Loggiato San Bartolomeo in Palermo, the Istanbul Biennial, \"Die Grosse\" in D\u00fcsseldorf, etc.\n\nOver the years, he often dedicated himself to theater as a set and costume designer. In 2013, together with other artists, he founded the LEMOSCHE association in Palermo.<\/p>\n<p class=\"translation-block\"><strong>Expositions<\/strong><br>\n2021 \u2013 Collective exhibition \u2013 Reine de Paris \u2013 Metamorphose<br>\n2021 \u2013 Prometheus \u2013 Costumes<br>\n2020 \u2013 Commissioner of exhibition and participation in the exhibition collective : \u00ab\u00a0Reine de Paris<br>\ns'expose\u00a0\u00bb<br>\nau 59 Rivoli. Paris<br>\n2019 \u2013 Exposition collective .Ritenere. Palerme<br>\n2018 \u2013 Petralia costume for the theater piece Pinocchio<br>\n2018 \u2013 Milan exposition collective following the balan\u00e7oire performance<br>\n2017 \u2013 Petralia Salt Biennial, Sicily<br>\n2017 \u2013 Palazzo Cuto Palerme exposition \u00ab Raw. \"Via dei tesori\" \u2013 Association Lemosche, <br>\nPalerme <br>\n2016 \u2013 Performance \"inhale expel sculpturing fuckture\", Palermo <br>\n2015 \u2013 Performance \"le Kraken\", A the Stone, New York <br>\n2015 \u2013 Collective exhibition \"Il Corpo Offeso\", Palermo <br>\n2014 \u2013 Nel Fuoco (created by Giuseppe Massa) \u2013 sets and costumes. Piacenza Teatro Serra 2014 \u2013 <br>\nSu A (created by Marika Pugliatti) \u2013 sets and costumes, Piacenza Teatro Serra <br>\n2014 \u2013 Riccardo Third (created by Giuseppe Massa) \u2013 sets and costumes, Gibellina Foundation <br>\nOrestiadi<\/p>\n<p class=\"translation-block\">2014 \u2013 Association culturelle Le Mosche (via Mariano stable 92, 90100) \u2013 founding member<br>\nartistic consultant, Palerme<br>\n2013 \u2013 Womb Tomb (r\u00e9alis\u00e9 by Simone Mannino) \u2013 costumes \u2013 Italian-Turkish production \u2013 Th\u00e9\u00e2tre<br>\nnational Garaji of Istanbul, Istanbul<br>\n2013 \u2013 H\u00f4tel Italia. Istanbul Art Biennial, Exposition collective. M\u00e9langeur de galerie, Istanbul<br>\n2012 \u2013 \u00ab Fronti\u00e8res liquides \u00bb, Exposition collective, Ortigia Syracuse<br>\n2011 \u2013 Viande \/ Ing Art de Palerme, Exposition collective, Biennale de Fuori, Venise<br>\n2011.- \u00ab Die Grosse \u00bb Exposition collective, Kunst Palace, D\u00fcsseldorf<br>\n2010 \u2013 Association culturelle \u00ab Nostra Signora \u00bb Suite (via Re Federico, 90100) \u2013 members<br>\nartistic founder and consultant, Palerme<br>\n2010 \u2013 Art suite. Exposition collective. Association Suite Our Lady via Re Federico 90100, Palerme<br>\n2009 \u2013 Drame Hipoyhesys, Exposition collective, Ortigia Syracuse<br>\n2008 \u2013 H\u00f4tel des \u00e9trangers, Exposition collective, Palerme<br>\n2007 \u2013 Cyber \u200b\u200bZone, Installation \u2013 Municipal Archives of the Casa Professa, Palerme<br>\n2006 \u2013 Trace Museum Theatre, Installation, Th\u00e9\u00e2tre La Vicaria, Palermo<br>\n2006 \u2013 Bateau noir, Installation, Piazza Comunale, San Vito Lo Capo<br>\n2005 \u2013 Kamikaze ou la capitulation de la raison, Installation \/ Performance, Teatro Garibaldi,<br>\nPalerme<br>\n2004 \u2013 Galerie de progression, Exposition collective, Palerme<br>\n2004 \u2013 Stock Art contemporain Nuremberg-Palermo, Nuremberg<br>\n2001- Art dans the atelier, Exposition collective, Fondation Orestiadi, Tunis<br>\n1999 \u2013 \u00ab Ecstasy \u00bb, Exposition collective, Galleria Piero Montana, Bagheria Sicile<br>\n1999 \u2013 \u00ab Mauvaise fin pour le mill\u00e9naire \u00bb, Exposition personnelle, Galerie Bottega di Hefesto,<br>\nPalerme<br>\n1999 \u2013 \u00ab De la mort \u00bb Exposition collective, Galerie Bottega di Hefesto, Palerme<br>\n1999 \u2013 \u00ab Carrefour fantastique \u00bb, Exposition personnelle, Mus\u00e9e des textures m\u00e9diterran\u00e9ennes,<br>\nFondation Orestiadi Gibellina, Sicile<br>\n1998 \u2013 Fabrication of bijoux for Christian Lacroix, Paris<br>\n1998 \u2013 \u00ab Invitation \u00e0 aimer \u00bb Exposition collective, Galerie de la chambre, Paris<\/p>\n<p>1996 \u2013 Galerie Jean Fran\u00e7ois Dubois, Exposition collective, Paris<\/p>\n<p class=\"translation-block\">1996 \u2013 \u00ab Le Bain de Diane \u00bb Performance, Atelier Bathory, Cr\u00e9ation de bijoux, Paris<br>\n1995 \u2013 \u00ab Barokhave de l\u2019espace \u00bb, Exposition personnelle, Arden (Danemark)<br>\n1988-1994 \u2013 Cr\u00e9ation de la Galerie : \u00ab\u00a0La Vache Multicolore\u00a0\u00bb, Paris<\/p>","protected":false},"excerpt":{"rendered":"<p>A cura di Gaetano Costa In collaborazione con Riso \u2013 Museo Regionale d\u2019Arte Moderna e Contemporanea di Palermo Bel\u00ecce\/EpiCentro della Memoria Viva aprile 2026 Domenica 5 aprile, in occasione della Pasqua, il Belice Epicentro rimarr\u00e0 chiuso. Alla fine degli anni Novanta l\u2019artista francese scelse la Sicilia come nuova casa, diventando un punto di riferimento della [&hellip;]<\/p>\n","protected":false},"author":4,"featured_media":670,"template":"","meta":{"_acf_changed":false,"footnotes":""},"categorie-eventi":[72],"categorie-eventi-2":[79],"class_list":["post-2689","eventi","type-eventi","status-publish","has-post-thumbnail","hentry","categorie-eventi-mostre","categorie-eventi-2-in-primo-piano"],"acf":[],"yoast_head":"<!-- This site is optimized with the Yoast SEO plugin v27.2 - https:\/\/yoast.com\/product\/yoast-seo-wordpress\/ -->\n<title>Philippe Berson. Mummie. - Comune di Gibellina<\/title>\n<meta name=\"robots\" content=\"index, follow, max-snippet:-1, max-image-preview:large, max-video-preview:-1\" \/>\n<link rel=\"canonical\" href=\"https:\/\/gibellina2026.it\/en\/eventi\/mostre\/philippe-berson-mummie\/\" \/>\n<meta property=\"og:locale\" content=\"en_GB\" \/>\n<meta property=\"og:type\" content=\"article\" \/>\n<meta property=\"og:title\" content=\"Philippe Berson. Mummie. - Comune di Gibellina\" \/>\n<meta property=\"og:description\" content=\"A cura di Gaetano Costa In collaborazione con Riso \u2013 Museo Regionale d\u2019Arte Moderna e Contemporanea di Palermo Bel\u00ecce\/EpiCentro della Memoria Viva aprile 2026 Domenica 5 aprile, in occasione della Pasqua, il Belice Epicentro rimarr\u00e0 chiuso. Alla fine degli anni Novanta l\u2019artista francese scelse la Sicilia come nuova casa, diventando un punto di riferimento della [&hellip;]\" \/>\n<meta property=\"og:url\" content=\"https:\/\/gibellina2026.it\/en\/eventi\/mostre\/philippe-berson-mummie\/\" \/>\n<meta property=\"og:site_name\" content=\"Comune di Gibellina\" \/>\n<meta property=\"article:modified_time\" content=\"2026-03-30T10:52:18+00:00\" \/>\n<meta property=\"og:image\" content=\"https:\/\/gibellina2026.it\/wp-content\/uploads\/2025\/12\/gibellina-capitale-arte-contemporanea-eventi-belice-epicentro-della-memoria-viva.webp\" \/>\n\t<meta property=\"og:image:width\" content=\"1920\" \/>\n\t<meta property=\"og:image:height\" content=\"1080\" \/>\n\t<meta property=\"og:image:type\" content=\"image\/webp\" \/>\n<meta name=\"twitter:card\" content=\"summary_large_image\" \/>\n<meta name=\"twitter:label1\" content=\"Estimated reading time\" \/>\n\t<meta name=\"twitter:data1\" content=\"4 minutes\" \/>\n<script type=\"application\/ld+json\" class=\"yoast-schema-graph\">{\"@context\":\"https:\/\/schema.org\",\"@graph\":[{\"@type\":\"WebPage\",\"@id\":\"https:\/\/gibellina2026.it\/eventi\/mostre\/philippe-berson-mummie\/\",\"url\":\"https:\/\/gibellina2026.it\/eventi\/mostre\/philippe-berson-mummie\/\",\"name\":\"Philippe Berson. Mummie. - Comune di Gibellina\",\"isPartOf\":{\"@id\":\"https:\/\/gibellina2026.it\/#website\"},\"primaryImageOfPage\":{\"@id\":\"https:\/\/gibellina2026.it\/eventi\/mostre\/philippe-berson-mummie\/#primaryimage\"},\"image\":{\"@id\":\"https:\/\/gibellina2026.it\/eventi\/mostre\/philippe-berson-mummie\/#primaryimage\"},\"thumbnailUrl\":\"https:\/\/gibellina2026.it\/wp-content\/uploads\/2025\/12\/gibellina-capitale-arte-contemporanea-eventi-belice-epicentro-della-memoria-viva.webp\",\"datePublished\":\"2026-02-26T09:49:33+00:00\",\"dateModified\":\"2026-03-30T10:52:18+00:00\",\"breadcrumb\":{\"@id\":\"https:\/\/gibellina2026.it\/eventi\/mostre\/philippe-berson-mummie\/#breadcrumb\"},\"inLanguage\":\"en-GB\",\"potentialAction\":[{\"@type\":\"ReadAction\",\"target\":[\"https:\/\/gibellina2026.it\/eventi\/mostre\/philippe-berson-mummie\/\"]}]},{\"@type\":\"ImageObject\",\"inLanguage\":\"en-GB\",\"@id\":\"https:\/\/gibellina2026.it\/eventi\/mostre\/philippe-berson-mummie\/#primaryimage\",\"url\":\"https:\/\/gibellina2026.it\/wp-content\/uploads\/2025\/12\/gibellina-capitale-arte-contemporanea-eventi-belice-epicentro-della-memoria-viva.webp\",\"contentUrl\":\"https:\/\/gibellina2026.it\/wp-content\/uploads\/2025\/12\/gibellina-capitale-arte-contemporanea-eventi-belice-epicentro-della-memoria-viva.webp\",\"width\":1920,\"height\":1080},{\"@type\":\"BreadcrumbList\",\"@id\":\"https:\/\/gibellina2026.it\/eventi\/mostre\/philippe-berson-mummie\/#breadcrumb\",\"itemListElement\":[{\"@type\":\"ListItem\",\"position\":1,\"name\":\"Home\",\"item\":\"https:\/\/gibellina2026.it\/\"},{\"@type\":\"ListItem\",\"position\":2,\"name\":\"Eventi\",\"item\":\"https:\/\/gibellina2026.it\/eventi\/\"},{\"@type\":\"ListItem\",\"position\":3,\"name\":\"Philippe Berson. Mummie.\"}]},{\"@type\":\"WebSite\",\"@id\":\"https:\/\/gibellina2026.it\/#website\",\"url\":\"https:\/\/gibellina2026.it\/\",\"name\":\"Comune di Gibellina\",\"description\":\"Capitale italiana dell&#039;arte contemporanea 2026\",\"publisher\":{\"@id\":\"https:\/\/gibellina2026.it\/#organization\"},\"potentialAction\":[{\"@type\":\"SearchAction\",\"target\":{\"@type\":\"EntryPoint\",\"urlTemplate\":\"https:\/\/gibellina2026.it\/?s={search_term_string}\"},\"query-input\":{\"@type\":\"PropertyValueSpecification\",\"valueRequired\":true,\"valueName\":\"search_term_string\"}}],\"inLanguage\":\"en-GB\"},{\"@type\":\"Organization\",\"@id\":\"https:\/\/gibellina2026.it\/#organization\",\"name\":\"Comune di Gibellina\",\"url\":\"https:\/\/gibellina2026.it\/\",\"logo\":{\"@type\":\"ImageObject\",\"inLanguage\":\"en-GB\",\"@id\":\"https:\/\/gibellina2026.it\/#\/schema\/logo\/image\/\",\"url\":\"https:\/\/gibellina2026.it\/wp-content\/uploads\/2025\/12\/logo-gibellina.png\",\"contentUrl\":\"https:\/\/gibellina2026.it\/wp-content\/uploads\/2025\/12\/logo-gibellina.png\",\"width\":348,\"height\":386,\"caption\":\"Comune di Gibellina\"},\"image\":{\"@id\":\"https:\/\/gibellina2026.it\/#\/schema\/logo\/image\/\"}}]}<\/script>\n<!-- \/ Yoast SEO plugin. -->","yoast_head_json":{"title":"Philippe Berson. Mummie. - Comune di Gibellina","robots":{"index":"index","follow":"follow","max-snippet":"max-snippet:-1","max-image-preview":"max-image-preview:large","max-video-preview":"max-video-preview:-1"},"canonical":"https:\/\/gibellina2026.it\/en\/eventi\/mostre\/philippe-berson-mummie\/","og_locale":"en_GB","og_type":"article","og_title":"Philippe Berson. Mummie. - Comune di Gibellina","og_description":"A cura di Gaetano Costa In collaborazione con Riso \u2013 Museo Regionale d\u2019Arte Moderna e Contemporanea di Palermo Bel\u00ecce\/EpiCentro della Memoria Viva aprile 2026 Domenica 5 aprile, in occasione della Pasqua, il Belice Epicentro rimarr\u00e0 chiuso. Alla fine degli anni Novanta l\u2019artista francese scelse la Sicilia come nuova casa, diventando un punto di riferimento della [&hellip;]","og_url":"https:\/\/gibellina2026.it\/en\/eventi\/mostre\/philippe-berson-mummie\/","og_site_name":"Comune di Gibellina","article_modified_time":"2026-03-30T10:52:18+00:00","og_image":[{"width":1920,"height":1080,"url":"https:\/\/gibellina2026.it\/wp-content\/uploads\/2025\/12\/gibellina-capitale-arte-contemporanea-eventi-belice-epicentro-della-memoria-viva.webp","type":"image\/webp"}],"twitter_card":"summary_large_image","twitter_misc":{"Estimated reading time":"4 minutes"},"schema":{"@context":"https:\/\/schema.org","@graph":[{"@type":"WebPage","@id":"https:\/\/gibellina2026.it\/eventi\/mostre\/philippe-berson-mummie\/","url":"https:\/\/gibellina2026.it\/eventi\/mostre\/philippe-berson-mummie\/","name":"Philippe Berson. Mummie. - Comune di Gibellina","isPartOf":{"@id":"https:\/\/gibellina2026.it\/#website"},"primaryImageOfPage":{"@id":"https:\/\/gibellina2026.it\/eventi\/mostre\/philippe-berson-mummie\/#primaryimage"},"image":{"@id":"https:\/\/gibellina2026.it\/eventi\/mostre\/philippe-berson-mummie\/#primaryimage"},"thumbnailUrl":"https:\/\/gibellina2026.it\/wp-content\/uploads\/2025\/12\/gibellina-capitale-arte-contemporanea-eventi-belice-epicentro-della-memoria-viva.webp","datePublished":"2026-02-26T09:49:33+00:00","dateModified":"2026-03-30T10:52:18+00:00","breadcrumb":{"@id":"https:\/\/gibellina2026.it\/eventi\/mostre\/philippe-berson-mummie\/#breadcrumb"},"inLanguage":"en-GB","potentialAction":[{"@type":"ReadAction","target":["https:\/\/gibellina2026.it\/eventi\/mostre\/philippe-berson-mummie\/"]}]},{"@type":"ImageObject","inLanguage":"en-GB","@id":"https:\/\/gibellina2026.it\/eventi\/mostre\/philippe-berson-mummie\/#primaryimage","url":"https:\/\/gibellina2026.it\/wp-content\/uploads\/2025\/12\/gibellina-capitale-arte-contemporanea-eventi-belice-epicentro-della-memoria-viva.webp","contentUrl":"https:\/\/gibellina2026.it\/wp-content\/uploads\/2025\/12\/gibellina-capitale-arte-contemporanea-eventi-belice-epicentro-della-memoria-viva.webp","width":1920,"height":1080},{"@type":"BreadcrumbList","@id":"https:\/\/gibellina2026.it\/eventi\/mostre\/philippe-berson-mummie\/#breadcrumb","itemListElement":[{"@type":"ListItem","position":1,"name":"Home","item":"https:\/\/gibellina2026.it\/"},{"@type":"ListItem","position":2,"name":"Eventi","item":"https:\/\/gibellina2026.it\/eventi\/"},{"@type":"ListItem","position":3,"name":"Philippe Berson. Mummie."}]},{"@type":"WebSite","@id":"https:\/\/gibellina2026.it\/#website","url":"https:\/\/gibellina2026.it\/","name":"Comune di Gibellina","description":"Capitale italiana dell&#039;arte contemporanea 2026","publisher":{"@id":"https:\/\/gibellina2026.it\/#organization"},"potentialAction":[{"@type":"SearchAction","target":{"@type":"EntryPoint","urlTemplate":"https:\/\/gibellina2026.it\/?s={search_term_string}"},"query-input":{"@type":"PropertyValueSpecification","valueRequired":true,"valueName":"search_term_string"}}],"inLanguage":"en-GB"},{"@type":"Organization","@id":"https:\/\/gibellina2026.it\/#organization","name":"Comune di Gibellina","url":"https:\/\/gibellina2026.it\/","logo":{"@type":"ImageObject","inLanguage":"en-GB","@id":"https:\/\/gibellina2026.it\/#\/schema\/logo\/image\/","url":"https:\/\/gibellina2026.it\/wp-content\/uploads\/2025\/12\/logo-gibellina.png","contentUrl":"https:\/\/gibellina2026.it\/wp-content\/uploads\/2025\/12\/logo-gibellina.png","width":348,"height":386,"caption":"Comune di Gibellina"},"image":{"@id":"https:\/\/gibellina2026.it\/#\/schema\/logo\/image\/"}}]}},"_links":{"self":[{"href":"https:\/\/gibellina2026.it\/en\/wp-json\/wp\/v2\/eventi\/2689","targetHints":{"allow":["GET"]}}],"collection":[{"href":"https:\/\/gibellina2026.it\/en\/wp-json\/wp\/v2\/eventi"}],"about":[{"href":"https:\/\/gibellina2026.it\/en\/wp-json\/wp\/v2\/types\/eventi"}],"author":[{"embeddable":true,"href":"https:\/\/gibellina2026.it\/en\/wp-json\/wp\/v2\/users\/4"}],"version-history":[{"count":12,"href":"https:\/\/gibellina2026.it\/en\/wp-json\/wp\/v2\/eventi\/2689\/revisions"}],"predecessor-version":[{"id":3821,"href":"https:\/\/gibellina2026.it\/en\/wp-json\/wp\/v2\/eventi\/2689\/revisions\/3821"}],"wp:featuredmedia":[{"embeddable":true,"href":"https:\/\/gibellina2026.it\/en\/wp-json\/wp\/v2\/media\/670"}],"wp:attachment":[{"href":"https:\/\/gibellina2026.it\/en\/wp-json\/wp\/v2\/media?parent=2689"}],"wp:term":[{"taxonomy":"categorie-eventi","embeddable":true,"href":"https:\/\/gibellina2026.it\/en\/wp-json\/wp\/v2\/categorie-eventi?post=2689"},{"taxonomy":"categorie-eventi-2","embeddable":true,"href":"https:\/\/gibellina2026.it\/en\/wp-json\/wp\/v2\/categorie-eventi-2?post=2689"}],"curies":[{"name":"wp","href":"https:\/\/api.w.org\/{rel}","templated":true}]}}