{"id":3761,"date":"2026-03-26T15:35:33","date_gmt":"2026-03-26T14:35:33","guid":{"rendered":"https:\/\/gibellina2026.it\/?post_type=eventi&#038;p=3761"},"modified":"2026-04-27T14:48:32","modified_gmt":"2026-04-27T12:48:32","slug":"stalker-intervento-minimo-difesa-della-natura-il-lago-da-miraggio-a-ecosistema-emergente","status":"publish","type":"eventi","link":"https:\/\/gibellina2026.it\/en\/eventi\/residenze\/stalker-intervento-minimo-difesa-della-natura-il-lago-da-miraggio-a-ecosistema-emergente\/","title":{"rendered":"Stalker \u2013 Intervento Minimo: Difesa della Natura. Il Lago, da miraggio a ecosistema emergente"},"content":{"rendered":"<p><strong>Intervento Minimo \u2013 Stalker <\/strong><\/p>\n<p>Il processo spontaneo di rinaturalizzazione del bacino idrico progettato da Ungers e ridotto a rovina \u00e8 l\u2019epicentro dell\u2019intervento che proponiamo. Intervento teso a comprendere e favorire il divenire di questo ecosistema emergente. Un\u2019azione corale tesa a celebrare\u00a0 e a prendere in cura questo ecosistema insieme alla comunit\u00e0, proponendo cos\u00ec un&#8217;alleanza tra umano e non umano nel rigenerare l\u2019ambiente naturale e urbano di Gibellina.<\/p>\n<p>Si tratter\u00e0 di avvicinare la comunit\u00e0 alla comprensione e alla cura del lago nel tentativo di sottrarlo all\u2019incuria e alla rimozione per farne il volano di un processo di rigenerazione del rapporto tra abitanti e territorio. Un laboratorio che affronta dal basso la crisi ecologica in corso e le trasformazioni sociali necessarie per conviverci.<\/p>\n<p>L\u2019intero percorso teso alla realizzazione del progetto si costituir\u00e0 anche come percorso di formazione transdisciplinare e aperto agli abitanti, alle universit\u00e0 e a gli enti di ricerca interessati.<\/p>\n<p>La proposta \u00e8 in continuit\u00e0 con il lavoro che da anni Stalker svolge a fianco alle comunit\u00e0\u00a0 nella cura e difesa degli ecosistemi emergenti insorti nelle rovine della modernit\u00e0 a Roma (Lago Bullicante, Mercati Generali..).<\/p>\n<p>Il progetto si innesta sulle esperienze di Danilo Dolci, (Diga dello Jato), Lucius Burckhardt (Intervento Minimo) e Joseph Beuys (Difesa della Natura) ed \u00e8 dedicato a Ludovico Corrao che a Stalker commission\u00f2 forse il lavoro pi\u00f9 bello: il Tappeto Volante.<\/p>\n<p><strong>\u00a0<\/strong><\/p>\n<p><strong>\u00a0<\/strong><\/p>","protected":false},"excerpt":{"rendered":"<p>Intervento Minimo \u2013 Stalker Il processo spontaneo di rinaturalizzazione del bacino idrico progettato da Ungers e ridotto a rovina \u00e8 l\u2019epicentro dell\u2019intervento che proponiamo. Intervento teso a comprendere e favorire il divenire di questo ecosistema emergente. Un\u2019azione corale tesa a celebrare\u00a0 e a prendere in cura questo ecosistema insieme alla comunit\u00e0, proponendo cos\u00ec un&#8217;alleanza tra [&hellip;]<\/p>\n","protected":false},"author":6,"featured_media":4014,"template":"","meta":{"_acf_changed":false,"footnotes":""},"categorie-eventi":[71],"categorie-eventi-2":[],"class_list":["post-3761","eventi","type-eventi","status-publish","has-post-thumbnail","hentry","categorie-eventi-residenze"],"acf":[],"yoast_head":"<!-- This site is optimized with the Yoast SEO plugin v27.2 - https:\/\/yoast.com\/product\/yoast-seo-wordpress\/ -->\n<title>Stalker \u2013 Intervento Minimo: Difesa della Natura. Il Lago, da miraggio a ecosistema emergente - Comune di Gibellina<\/title>\n<meta name=\"robots\" content=\"index, follow, max-snippet:-1, max-image-preview:large, max-video-preview:-1\" \/>\n<link rel=\"canonical\" href=\"https:\/\/gibellina2026.it\/en\/eventi\/residenze\/stalker-intervento-minimo-difesa-della-natura-il-lago-da-miraggio-a-ecosistema-emergente\/\" \/>\n<meta property=\"og:locale\" content=\"en_GB\" \/>\n<meta property=\"og:type\" content=\"article\" \/>\n<meta property=\"og:title\" content=\"Stalker \u2013 Intervento Minimo: Difesa della Natura. Il Lago, da miraggio a ecosistema emergente - Comune di Gibellina\" \/>\n<meta property=\"og:description\" content=\"Intervento Minimo \u2013 Stalker Il processo spontaneo di rinaturalizzazione del bacino idrico progettato da Ungers e ridotto a rovina \u00e8 l\u2019epicentro dell\u2019intervento che proponiamo. Intervento teso a comprendere e favorire il divenire di questo ecosistema emergente. Un\u2019azione corale tesa a celebrare\u00a0 e a prendere in cura questo ecosistema insieme alla comunit\u00e0, proponendo cos\u00ec un&#8217;alleanza tra [&hellip;]\" \/>\n<meta property=\"og:url\" content=\"https:\/\/gibellina2026.it\/en\/eventi\/residenze\/stalker-intervento-minimo-difesa-della-natura-il-lago-da-miraggio-a-ecosistema-emergente\/\" \/>\n<meta property=\"og:site_name\" content=\"Comune di Gibellina\" \/>\n<meta property=\"article:modified_time\" content=\"2026-04-27T12:48:32+00:00\" \/>\n<meta property=\"og:image\" content=\"https:\/\/gibellina2026.it\/wp-content\/uploads\/2026\/04\/IMG_-Gibellina-copertina.webp\" \/>\n\t<meta property=\"og:image:width\" content=\"1920\" \/>\n\t<meta property=\"og:image:height\" content=\"2560\" \/>\n\t<meta property=\"og:image:type\" content=\"image\/webp\" \/>\n<meta name=\"twitter:card\" content=\"summary_large_image\" \/>\n<meta name=\"twitter:label1\" content=\"Estimated reading time\" \/>\n\t<meta name=\"twitter:data1\" content=\"2 minutes\" \/>\n<script type=\"application\/ld+json\" class=\"yoast-schema-graph\">{\"@context\":\"https:\/\/schema.org\",\"@graph\":[{\"@type\":\"WebPage\",\"@id\":\"https:\/\/gibellina2026.it\/eventi\/residenze\/stalker-intervento-minimo-difesa-della-natura-il-lago-da-miraggio-a-ecosistema-emergente\/\",\"url\":\"https:\/\/gibellina2026.it\/eventi\/residenze\/stalker-intervento-minimo-difesa-della-natura-il-lago-da-miraggio-a-ecosistema-emergente\/\",\"name\":\"Stalker \u2013 Intervento Minimo: Difesa della Natura. Il Lago, da miraggio a ecosistema emergente - Comune di Gibellina\",\"isPartOf\":{\"@id\":\"https:\/\/gibellina2026.it\/#website\"},\"primaryImageOfPage\":{\"@id\":\"https:\/\/gibellina2026.it\/eventi\/residenze\/stalker-intervento-minimo-difesa-della-natura-il-lago-da-miraggio-a-ecosistema-emergente\/#primaryimage\"},\"image\":{\"@id\":\"https:\/\/gibellina2026.it\/eventi\/residenze\/stalker-intervento-minimo-difesa-della-natura-il-lago-da-miraggio-a-ecosistema-emergente\/#primaryimage\"},\"thumbnailUrl\":\"https:\/\/gibellina2026.it\/wp-content\/uploads\/2026\/04\/IMG_-Gibellina-copertina.webp\",\"datePublished\":\"2026-03-26T14:35:33+00:00\",\"dateModified\":\"2026-04-27T12:48:32+00:00\",\"breadcrumb\":{\"@id\":\"https:\/\/gibellina2026.it\/eventi\/residenze\/stalker-intervento-minimo-difesa-della-natura-il-lago-da-miraggio-a-ecosistema-emergente\/#breadcrumb\"},\"inLanguage\":\"en-GB\",\"potentialAction\":[{\"@type\":\"ReadAction\",\"target\":[\"https:\/\/gibellina2026.it\/eventi\/residenze\/stalker-intervento-minimo-difesa-della-natura-il-lago-da-miraggio-a-ecosistema-emergente\/\"]}]},{\"@type\":\"ImageObject\",\"inLanguage\":\"en-GB\",\"@id\":\"https:\/\/gibellina2026.it\/eventi\/residenze\/stalker-intervento-minimo-difesa-della-natura-il-lago-da-miraggio-a-ecosistema-emergente\/#primaryimage\",\"url\":\"https:\/\/gibellina2026.it\/wp-content\/uploads\/2026\/04\/IMG_-Gibellina-copertina.webp\",\"contentUrl\":\"https:\/\/gibellina2026.it\/wp-content\/uploads\/2026\/04\/IMG_-Gibellina-copertina.webp\",\"width\":1920,\"height\":2560},{\"@type\":\"BreadcrumbList\",\"@id\":\"https:\/\/gibellina2026.it\/eventi\/residenze\/stalker-intervento-minimo-difesa-della-natura-il-lago-da-miraggio-a-ecosistema-emergente\/#breadcrumb\",\"itemListElement\":[{\"@type\":\"ListItem\",\"position\":1,\"name\":\"Home\",\"item\":\"https:\/\/gibellina2026.it\/\"},{\"@type\":\"ListItem\",\"position\":2,\"name\":\"Eventi\",\"item\":\"https:\/\/gibellina2026.it\/eventi\/\"},{\"@type\":\"ListItem\",\"position\":3,\"name\":\"Stalker \u2013 Intervento Minimo: Difesa della Natura. Il Lago, da miraggio a ecosistema emergente\"}]},{\"@type\":\"WebSite\",\"@id\":\"https:\/\/gibellina2026.it\/#website\",\"url\":\"https:\/\/gibellina2026.it\/\",\"name\":\"Comune di Gibellina\",\"description\":\"Capitale italiana dell&#039;arte contemporanea 2026\",\"publisher\":{\"@id\":\"https:\/\/gibellina2026.it\/#organization\"},\"potentialAction\":[{\"@type\":\"SearchAction\",\"target\":{\"@type\":\"EntryPoint\",\"urlTemplate\":\"https:\/\/gibellina2026.it\/?s={search_term_string}\"},\"query-input\":{\"@type\":\"PropertyValueSpecification\",\"valueRequired\":true,\"valueName\":\"search_term_string\"}}],\"inLanguage\":\"en-GB\"},{\"@type\":\"Organization\",\"@id\":\"https:\/\/gibellina2026.it\/#organization\",\"name\":\"Comune di Gibellina\",\"url\":\"https:\/\/gibellina2026.it\/\",\"logo\":{\"@type\":\"ImageObject\",\"inLanguage\":\"en-GB\",\"@id\":\"https:\/\/gibellina2026.it\/#\/schema\/logo\/image\/\",\"url\":\"https:\/\/gibellina2026.it\/wp-content\/uploads\/2025\/12\/logo-gibellina.png\",\"contentUrl\":\"https:\/\/gibellina2026.it\/wp-content\/uploads\/2025\/12\/logo-gibellina.png\",\"width\":348,\"height\":386,\"caption\":\"Comune di Gibellina\"},\"image\":{\"@id\":\"https:\/\/gibellina2026.it\/#\/schema\/logo\/image\/\"}}]}<\/script>\n<!-- \/ Yoast SEO plugin. -->","yoast_head_json":{"title":"Stalker \u2013 Intervento Minimo: Difesa della Natura. Il Lago, da miraggio a ecosistema emergente - Comune di Gibellina","robots":{"index":"index","follow":"follow","max-snippet":"max-snippet:-1","max-image-preview":"max-image-preview:large","max-video-preview":"max-video-preview:-1"},"canonical":"https:\/\/gibellina2026.it\/en\/eventi\/residenze\/stalker-intervento-minimo-difesa-della-natura-il-lago-da-miraggio-a-ecosistema-emergente\/","og_locale":"en_GB","og_type":"article","og_title":"Stalker \u2013 Intervento Minimo: Difesa della Natura. Il Lago, da miraggio a ecosistema emergente - Comune di Gibellina","og_description":"Intervento Minimo \u2013 Stalker Il processo spontaneo di rinaturalizzazione del bacino idrico progettato da Ungers e ridotto a rovina \u00e8 l\u2019epicentro dell\u2019intervento che proponiamo. Intervento teso a comprendere e favorire il divenire di questo ecosistema emergente. Un\u2019azione corale tesa a celebrare\u00a0 e a prendere in cura questo ecosistema insieme alla comunit\u00e0, proponendo cos\u00ec un&#8217;alleanza tra [&hellip;]","og_url":"https:\/\/gibellina2026.it\/en\/eventi\/residenze\/stalker-intervento-minimo-difesa-della-natura-il-lago-da-miraggio-a-ecosistema-emergente\/","og_site_name":"Comune di Gibellina","article_modified_time":"2026-04-27T12:48:32+00:00","og_image":[{"width":1920,"height":2560,"url":"https:\/\/gibellina2026.it\/wp-content\/uploads\/2026\/04\/IMG_-Gibellina-copertina.webp","type":"image\/webp"}],"twitter_card":"summary_large_image","twitter_misc":{"Estimated reading time":"2 minutes"},"schema":{"@context":"https:\/\/schema.org","@graph":[{"@type":"WebPage","@id":"https:\/\/gibellina2026.it\/eventi\/residenze\/stalker-intervento-minimo-difesa-della-natura-il-lago-da-miraggio-a-ecosistema-emergente\/","url":"https:\/\/gibellina2026.it\/eventi\/residenze\/stalker-intervento-minimo-difesa-della-natura-il-lago-da-miraggio-a-ecosistema-emergente\/","name":"Stalker \u2013 Intervento Minimo: Difesa della Natura. Il Lago, da miraggio a ecosistema emergente - Comune di Gibellina","isPartOf":{"@id":"https:\/\/gibellina2026.it\/#website"},"primaryImageOfPage":{"@id":"https:\/\/gibellina2026.it\/eventi\/residenze\/stalker-intervento-minimo-difesa-della-natura-il-lago-da-miraggio-a-ecosistema-emergente\/#primaryimage"},"image":{"@id":"https:\/\/gibellina2026.it\/eventi\/residenze\/stalker-intervento-minimo-difesa-della-natura-il-lago-da-miraggio-a-ecosistema-emergente\/#primaryimage"},"thumbnailUrl":"https:\/\/gibellina2026.it\/wp-content\/uploads\/2026\/04\/IMG_-Gibellina-copertina.webp","datePublished":"2026-03-26T14:35:33+00:00","dateModified":"2026-04-27T12:48:32+00:00","breadcrumb":{"@id":"https:\/\/gibellina2026.it\/eventi\/residenze\/stalker-intervento-minimo-difesa-della-natura-il-lago-da-miraggio-a-ecosistema-emergente\/#breadcrumb"},"inLanguage":"en-GB","potentialAction":[{"@type":"ReadAction","target":["https:\/\/gibellina2026.it\/eventi\/residenze\/stalker-intervento-minimo-difesa-della-natura-il-lago-da-miraggio-a-ecosistema-emergente\/"]}]},{"@type":"ImageObject","inLanguage":"en-GB","@id":"https:\/\/gibellina2026.it\/eventi\/residenze\/stalker-intervento-minimo-difesa-della-natura-il-lago-da-miraggio-a-ecosistema-emergente\/#primaryimage","url":"https:\/\/gibellina2026.it\/wp-content\/uploads\/2026\/04\/IMG_-Gibellina-copertina.webp","contentUrl":"https:\/\/gibellina2026.it\/wp-content\/uploads\/2026\/04\/IMG_-Gibellina-copertina.webp","width":1920,"height":2560},{"@type":"BreadcrumbList","@id":"https:\/\/gibellina2026.it\/eventi\/residenze\/stalker-intervento-minimo-difesa-della-natura-il-lago-da-miraggio-a-ecosistema-emergente\/#breadcrumb","itemListElement":[{"@type":"ListItem","position":1,"name":"Home","item":"https:\/\/gibellina2026.it\/"},{"@type":"ListItem","position":2,"name":"Eventi","item":"https:\/\/gibellina2026.it\/eventi\/"},{"@type":"ListItem","position":3,"name":"Stalker \u2013 Intervento Minimo: Difesa della Natura. Il Lago, da miraggio a ecosistema emergente"}]},{"@type":"WebSite","@id":"https:\/\/gibellina2026.it\/#website","url":"https:\/\/gibellina2026.it\/","name":"Comune di Gibellina","description":"Capitale italiana dell&#039;arte contemporanea 2026","publisher":{"@id":"https:\/\/gibellina2026.it\/#organization"},"potentialAction":[{"@type":"SearchAction","target":{"@type":"EntryPoint","urlTemplate":"https:\/\/gibellina2026.it\/?s={search_term_string}"},"query-input":{"@type":"PropertyValueSpecification","valueRequired":true,"valueName":"search_term_string"}}],"inLanguage":"en-GB"},{"@type":"Organization","@id":"https:\/\/gibellina2026.it\/#organization","name":"Comune di Gibellina","url":"https:\/\/gibellina2026.it\/","logo":{"@type":"ImageObject","inLanguage":"en-GB","@id":"https:\/\/gibellina2026.it\/#\/schema\/logo\/image\/","url":"https:\/\/gibellina2026.it\/wp-content\/uploads\/2025\/12\/logo-gibellina.png","contentUrl":"https:\/\/gibellina2026.it\/wp-content\/uploads\/2025\/12\/logo-gibellina.png","width":348,"height":386,"caption":"Comune di Gibellina"},"image":{"@id":"https:\/\/gibellina2026.it\/#\/schema\/logo\/image\/"}}]}},"_links":{"self":[{"href":"https:\/\/gibellina2026.it\/en\/wp-json\/wp\/v2\/eventi\/3761","targetHints":{"allow":["GET"]}}],"collection":[{"href":"https:\/\/gibellina2026.it\/en\/wp-json\/wp\/v2\/eventi"}],"about":[{"href":"https:\/\/gibellina2026.it\/en\/wp-json\/wp\/v2\/types\/eventi"}],"author":[{"embeddable":true,"href":"https:\/\/gibellina2026.it\/en\/wp-json\/wp\/v2\/users\/6"}],"version-history":[{"count":3,"href":"https:\/\/gibellina2026.it\/en\/wp-json\/wp\/v2\/eventi\/3761\/revisions"}],"predecessor-version":[{"id":4015,"href":"https:\/\/gibellina2026.it\/en\/wp-json\/wp\/v2\/eventi\/3761\/revisions\/4015"}],"wp:featuredmedia":[{"embeddable":true,"href":"https:\/\/gibellina2026.it\/en\/wp-json\/wp\/v2\/media\/4014"}],"wp:attachment":[{"href":"https:\/\/gibellina2026.it\/en\/wp-json\/wp\/v2\/media?parent=3761"}],"wp:term":[{"taxonomy":"categorie-eventi","embeddable":true,"href":"https:\/\/gibellina2026.it\/en\/wp-json\/wp\/v2\/categorie-eventi?post=3761"},{"taxonomy":"categorie-eventi-2","embeddable":true,"href":"https:\/\/gibellina2026.it\/en\/wp-json\/wp\/v2\/categorie-eventi-2?post=3761"}],"curies":[{"name":"wp","href":"https:\/\/api.w.org\/{rel}","templated":true}]}}